{"id":2174,"date":"2024-04-30T09:28:01","date_gmt":"2024-04-30T07:28:01","guid":{"rendered":"https:\/\/berlinerverlagspreis.de\/?page_id=2174"},"modified":"2025-11-10T09:44:34","modified_gmt":"2025-11-10T08:44:34","slug":"berliner-verlagspreis-2024","status":"publish","type":"page","link":"https:\/\/berlinerverlagspreis.de\/?page_id=2174","title":{"rendered":"Berliner Verlagspreis 2024"},"content":{"rendered":"\n<div class=\"wp-block-cover alignfull has-custom-content-position is-position-bottom-left wp-duotone-unset-1\" style=\"min-height:600px;aspect-ratio:unset;\"><span aria-hidden=\"true\" class=\"wp-block-cover__background has-palette-color-8-background-color has-background-dim-10 has-background-dim\"><\/span><img loading=\"lazy\" decoding=\"async\" width=\"5184\" height=\"3456\" class=\"wp-block-cover__image-background wp-image-715\" alt=\"\" src=\"https:\/\/berlinerverlagspreis.de\/wp-content\/uploads\/2018\/05\/ausbildung-bildung-buch-261956_rot2.jpg\" style=\"object-position:4% 16%\" data-object-fit=\"cover\" data-object-position=\"4% 16%\" srcset=\"https:\/\/berlinerverlagspreis.de\/wp-content\/uploads\/2018\/05\/ausbildung-bildung-buch-261956_rot2.jpg 5184w, https:\/\/berlinerverlagspreis.de\/wp-content\/uploads\/2018\/05\/ausbildung-bildung-buch-261956_rot2-300x200.jpg 300w, https:\/\/berlinerverlagspreis.de\/wp-content\/uploads\/2018\/05\/ausbildung-bildung-buch-261956_rot2-768x512.jpg 768w, https:\/\/berlinerverlagspreis.de\/wp-content\/uploads\/2018\/05\/ausbildung-bildung-buch-261956_rot2-1024x683.jpg 1024w, https:\/\/berlinerverlagspreis.de\/wp-content\/uploads\/2018\/05\/ausbildung-bildung-buch-261956_rot2-200x133.jpg 200w, https:\/\/berlinerverlagspreis.de\/wp-content\/uploads\/2018\/05\/ausbildung-bildung-buch-261956_rot2-400x267.jpg 400w, https:\/\/berlinerverlagspreis.de\/wp-content\/uploads\/2018\/05\/ausbildung-bildung-buch-261956_rot2-600x400.jpg 600w, https:\/\/berlinerverlagspreis.de\/wp-content\/uploads\/2018\/05\/ausbildung-bildung-buch-261956_rot2-800x533.jpg 800w, https:\/\/berlinerverlagspreis.de\/wp-content\/uploads\/2018\/05\/ausbildung-bildung-buch-261956_rot2-1200x800.jpg 1200w\" sizes=\"auto, (max-width: 5184px) 100vw, 5184px\" \/><div class=\"wp-block-cover__inner-container is-layout-flow wp-block-cover-is-layout-flow\">\n<h1 class=\"wp-block-heading has-text-color has-link-color wp-elements-1a19c793e6a199dfbf156838296bc1e2\" style=\"color:#000000\">Berliner Verlagspreis 2024<\/h1>\n\n\n\n<div class=\"wp-block-columns is-layout-flex wp-container-core-columns-is-layout-28f84493 wp-block-columns-is-layout-flex\">\n<div class=\"wp-block-column has-palette-color-8-color has-text-color has-link-color has-medium-font-size wp-elements-e1ea03731a924e5959ac3af20239de9f is-layout-flow wp-block-column-is-layout-flow\" style=\"flex-basis:90%\">\n<h2 class=\"wp-block-heading\">Der Berliner Verlagspreis 2024 wurde am 3. November im Deutschen Theater verliehen. Mit dem Gro\u00dfen Berliner Verlagspreis wurde der Verlag Voland &amp; Quist ausgezeichnet, zwei weitere Berliner Verlagspreise gingen an Reprodukt und den Transit Verlag.<\/h2>\n\n\n\n<div style=\"height:11px\" aria-hidden=\"true\" class=\"wp-block-spacer\"><\/div>\n<\/div>\n\n\n\n<div class=\"wp-block-column is-layout-flow wp-block-column-is-layout-flow\" style=\"flex-basis:10%\"><\/div>\n<\/div>\n<\/div><\/div>\n\n\n\n<div style=\"height:23px\" aria-hidden=\"true\" class=\"wp-block-spacer\"><\/div>\n\n\n\n<div class=\"wp-block-columns is-layout-flex wp-container-core-columns-is-layout-28f84493 wp-block-columns-is-layout-flex\">\n<div class=\"wp-block-column is-layout-flow wp-block-column-is-layout-flow\" style=\"flex-basis:10%\"><\/div>\n\n\n\n<div class=\"wp-block-column is-layout-flow wp-block-column-is-layout-flow\" style=\"flex-basis:80%\">\n<figure class=\"wp-block-image size-full\"><img loading=\"lazy\" decoding=\"async\" width=\"960\" height=\"640\" src=\"https:\/\/berlinerverlagspreis.de\/wp-content\/uploads\/2024\/11\/Preistraeger_Berliner_Verlagspreis_2024_c_Schirin_Moaiyeri.jpg\" alt=\"\" class=\"wp-image-2354\" srcset=\"https:\/\/berlinerverlagspreis.de\/wp-content\/uploads\/2024\/11\/Preistraeger_Berliner_Verlagspreis_2024_c_Schirin_Moaiyeri.jpg 960w, https:\/\/berlinerverlagspreis.de\/wp-content\/uploads\/2024\/11\/Preistraeger_Berliner_Verlagspreis_2024_c_Schirin_Moaiyeri-300x200.jpg 300w, https:\/\/berlinerverlagspreis.de\/wp-content\/uploads\/2024\/11\/Preistraeger_Berliner_Verlagspreis_2024_c_Schirin_Moaiyeri-768x512.jpg 768w\" sizes=\"auto, (max-width: 960px) 100vw, 960px\" \/><figcaption class=\"wp-element-caption\"><em>Ilka Winkler, Leif Greinus und Anna Jung (Verlag Voland &amp; Quist) \u00a9 Schirin Moaiyeri<\/em><\/figcaption><\/figure>\n\n\n\n<h3 class=\"wp-block-heading has-text-color\" id=\"grusswort\" style=\"color:#e41621\">Herzlichen Gl\u00fcckwunsch!<\/h3>\n\n\n\n<p>Der Berliner Verlagspreis 2024 wurde am heutigen Sonntag im Rahmen eines feierlichen Festakts im Deutschen Theater Berlin verliehen. Mit dem Gro\u00dfen Berliner Verlagspreis, dotiert mit 26.000 Euro, pr\u00e4mierte die Jury Voland &amp; Quist, die zwei mit jeweils 15.000 dotierten Berliner Verlagspreise gingen an Reprodukt und den Transit Verlag.<br>Ebenfalls nominiert f\u00fcr den Berliner Verlagspreis 2024 waren der JaJa Verlag, mikrotext und Orlanda, sie erhielten jeweils eine Anerkennung in H\u00f6he von 4.000 Euro.<\/p>\n\n\n\n<p>\u00bbMeinungsvielfalt ist das Lebenselixier der Demokratie. Sie ben\u00f6tigt Strukturen, in denen sich Perspektiven entwickeln k\u00f6nnen und in denen ein freier Diskurs m\u00f6glich ist. Daf\u00fcr engagieren sich Menschen, die kreativ wie entschlossen ihre Unabh\u00e4ngigkeit nutzen, um neue Sichtweisen \u00f6ffentlich zu machen\u00ab, so Joe Chialo, Senator f\u00fcr Kultur und Gesellschaftlichen Zusammenhalt. \u00bbDas literarische Leben Berlins und die Berliner Verlagslandschaft stehen f\u00fcr einen gro\u00dfen Facettenreichtum. 2.000 Unternehmen, 10.000 Neuer-scheinungen, und damit verbunden rund 8.500 Arbeitspl\u00e4tze sind ein wichtiger Bestandteil unserer Kreativwirtschaft. Mit dem Berliner Verlagspreis wollen wir diese Bedeutung und Vielfalt sichtbar machen und die gro\u00dfe Leistung der kleineren, unabh\u00e4ngigen Verlage w\u00fcrdigen, die oftmals B\u00fccher unter einem hohen wirtschaftlichen Risiko herausbringen und sich leidenschaftlich f\u00fcr Literatur einsetzen\u00ab, erg\u00e4nzt Franziska Giffey, Senatorin f\u00fcr Wirtschaft, Energie und Betriebe.<\/p>\n<\/div>\n\n\n\n<div class=\"wp-block-column is-layout-flow wp-block-column-is-layout-flow\" style=\"flex-basis:10%\"><\/div>\n<\/div>\n\n\n\n<div style=\"height:7px\" aria-hidden=\"true\" class=\"wp-block-spacer\"><\/div>\n\n\n\n<div class=\"wp-block-columns is-layout-flex wp-container-core-columns-is-layout-28f84493 wp-block-columns-is-layout-flex\">\n<div class=\"wp-block-column is-layout-flow wp-block-column-is-layout-flow\" style=\"flex-basis:10%\"><\/div>\n\n\n\n<div class=\"wp-block-column is-layout-flow wp-block-column-is-layout-flow\" style=\"flex-basis:33%\">\n<figure class=\"wp-block-image size-full\"><img loading=\"lazy\" decoding=\"async\" width=\"600\" height=\"800\" src=\"https:\/\/berlinerverlagspreis.de\/wp-content\/uploads\/2023\/05\/franziska-giffey-600-hans-Christian-plambeck.jpg\" alt=\"\" class=\"wp-image-2014\" srcset=\"https:\/\/berlinerverlagspreis.de\/wp-content\/uploads\/2023\/05\/franziska-giffey-600-hans-Christian-plambeck.jpg 600w, https:\/\/berlinerverlagspreis.de\/wp-content\/uploads\/2023\/05\/franziska-giffey-600-hans-Christian-plambeck-225x300.jpg 225w\" sizes=\"auto, (max-width: 600px) 100vw, 600px\" \/><\/figure>\n\n\n\n<div style=\"height:16px\" aria-hidden=\"true\" class=\"wp-block-spacer\"><\/div>\n\n\n\n<p style=\"font-style:normal;font-weight:400\"><strong>Franziska Giffey<\/strong><br>Senatorin f\u00fcr Wirtschaft, Energie und Betriebe<\/p>\n<\/div>\n\n\n\n<div class=\"wp-block-column is-layout-flow wp-block-column-is-layout-flow\" style=\"flex-basis:14%\"><\/div>\n\n\n\n<div class=\"wp-block-column is-layout-flow wp-block-column-is-layout-flow\" style=\"flex-basis:33%\">\n<figure class=\"wp-block-image size-full\"><img loading=\"lazy\" decoding=\"async\" width=\"600\" height=\"800\" src=\"https:\/\/berlinerverlagspreis.de\/wp-content\/uploads\/2023\/05\/joe_chialo_600.jpg\" alt=\"\" class=\"wp-image-2023\" srcset=\"https:\/\/berlinerverlagspreis.de\/wp-content\/uploads\/2023\/05\/joe_chialo_600.jpg 600w, https:\/\/berlinerverlagspreis.de\/wp-content\/uploads\/2023\/05\/joe_chialo_600-225x300.jpg 225w\" sizes=\"auto, (max-width: 600px) 100vw, 600px\" \/><\/figure>\n\n\n\n<div style=\"height:16px\" aria-hidden=\"true\" class=\"wp-block-spacer\"><\/div>\n\n\n\n<p style=\"font-style:normal;font-weight:400\"><strong>Joe Chialo<\/strong><br>Senator f\u00fcr Kultur und Gesellschaftlichen Zusammenhalt<\/p>\n<\/div>\n\n\n\n<div class=\"wp-block-column is-layout-flow wp-block-column-is-layout-flow\" style=\"flex-basis:10%\"><\/div>\n<\/div>\n\n\n\n<h3 class=\"wp-block-heading has-text-align-center has-text-color has-link-color wp-elements-45ec915eb1b4718864811b22a0e7e0e1\" id=\"die-preistraeger\" style=\"color:#e42126\">Die Preistr\u00e4ger<\/h3>\n\n\n\n<div style=\"height:100px\" aria-hidden=\"true\" class=\"wp-block-spacer\"><\/div>\n\n\n\n<div class=\"wp-block-columns is-layout-flex wp-container-core-columns-is-layout-28f84493 wp-block-columns-is-layout-flex\">\n<div class=\"wp-block-column is-layout-flow wp-block-column-is-layout-flow\" style=\"flex-basis:5%\"><\/div>\n\n\n\n<div class=\"wp-block-column is-layout-flow wp-block-column-is-layout-flow\" style=\"flex-basis:30%\">\n<figure class=\"wp-block-image size-full\"><img loading=\"lazy\" decoding=\"async\" width=\"800\" height=\"630\" src=\"https:\/\/berlinerverlagspreis.de\/wp-content\/uploads\/2024\/09\/voland-quist.jpg\" alt=\"\" class=\"wp-image-2329\" srcset=\"https:\/\/berlinerverlagspreis.de\/wp-content\/uploads\/2024\/09\/voland-quist.jpg 800w, https:\/\/berlinerverlagspreis.de\/wp-content\/uploads\/2024\/09\/voland-quist-300x236.jpg 300w, https:\/\/berlinerverlagspreis.de\/wp-content\/uploads\/2024\/09\/voland-quist-768x605.jpg 768w\" sizes=\"auto, (max-width: 800px) 100vw, 800px\" \/><\/figure>\n<\/div>\n\n\n\n<div class=\"wp-block-column is-layout-flow wp-block-column-is-layout-flow\" style=\"flex-basis:60%\">\n<p><strong>Gro\u00dfer Berliner Verlagspreis 2024: Verlag Voland &amp; Quist<\/strong><\/p>\n\n\n\n<p>\u00bbVoland &amp; Quist steht f\u00fcr literarische Stimmen, die trotz ihrer Unterschiedlichkeit perfekt zueinander passen \u2013 und doch ist jede einzelne unverwechselbar. Der Verlag wagt Experimente, entdeckt neue literarische Welten und vertraut darauf, dass B\u00fccher nicht in die etablierten Muster des Publizierens und Pr\u00e4sentierens gepackt werden m\u00fcssen, um zu funktionieren. Und genau deshalb feiern wir in diesem Jahr nicht nur den zwanzigsten Geburtstag von Voland &amp; Quist \u2013 wir gratulieren herzlich auch zum Gro\u00dfen Berliner Verlagspreis!\u00ab<\/p>\n\n\n\n<p>Aus der Laudatio von Jury-Mitglied Philipp B\u00f6hm<\/p>\n\n\n\n<p><a href=\"https:\/\/berlinerverlagspreis.de\/?page_id=2358\" title=\"\">Gesamte Laudatio nachlesen \u2192<\/a><\/p>\n<\/div>\n\n\n\n<div class=\"wp-block-column is-layout-flow wp-block-column-is-layout-flow\" style=\"flex-basis:5%\"><\/div>\n<\/div>\n\n\n\n<div style=\"height:28px\" aria-hidden=\"true\" class=\"wp-block-spacer\"><\/div>\n\n\n\n<div class=\"wp-block-columns is-layout-flex wp-container-core-columns-is-layout-28f84493 wp-block-columns-is-layout-flex\">\n<div class=\"wp-block-column is-layout-flow wp-block-column-is-layout-flow\" style=\"flex-basis:5%\"><\/div>\n\n\n\n<div class=\"wp-block-column is-layout-flow wp-block-column-is-layout-flow\" style=\"flex-basis:30%\">\n<figure class=\"wp-block-image size-full\"><img loading=\"lazy\" decoding=\"async\" width=\"800\" height=\"630\" src=\"https:\/\/berlinerverlagspreis.de\/wp-content\/uploads\/2024\/09\/reprodukt.jpg\" alt=\"\" class=\"wp-image-2327\" srcset=\"https:\/\/berlinerverlagspreis.de\/wp-content\/uploads\/2024\/09\/reprodukt.jpg 800w, https:\/\/berlinerverlagspreis.de\/wp-content\/uploads\/2024\/09\/reprodukt-300x236.jpg 300w, https:\/\/berlinerverlagspreis.de\/wp-content\/uploads\/2024\/09\/reprodukt-768x605.jpg 768w\" sizes=\"auto, (max-width: 800px) 100vw, 800px\" \/><\/figure>\n<\/div>\n\n\n\n<div class=\"wp-block-column is-layout-flow wp-block-column-is-layout-flow\" style=\"flex-basis:60%\">\n<p><strong>Berliner Verlagspreis 2024: Reprodukt<\/strong><\/p>\n\n\n\n<p>Der Reprodukt Verlag ist schon lange eine echte Institution, weit \u00fcber die Grenzen Berlins und Deutschlands hinaus. Dirk Rehm und sein Team haben mit viel Leidenschaft, Beharrlichkeit und Mut ein einzigartiges Werk geschaffen, das uns neue Welten er\u00f6ffnet und neue M\u00f6glichkeiten des Erz\u00e4hlens.<\/p>\n\n\n\n<p>Aus der Laudatio von Jury-MItglied Gesa Ufer<\/p>\n\n\n\n<p><a href=\"https:\/\/berlinerverlagspreis.de\/?page_id=2359\" title=\"\">Gesamte Laudatio nachlesen \u2192<\/a><\/p>\n<\/div>\n\n\n\n<div class=\"wp-block-column is-layout-flow wp-block-column-is-layout-flow\" style=\"flex-basis:5%\"><\/div>\n<\/div>\n\n\n\n<div style=\"height:34px\" aria-hidden=\"true\" class=\"wp-block-spacer\"><\/div>\n\n\n\n<div class=\"wp-block-columns is-layout-flex wp-container-core-columns-is-layout-28f84493 wp-block-columns-is-layout-flex\">\n<div class=\"wp-block-column is-layout-flow wp-block-column-is-layout-flow\" style=\"flex-basis:5%\"><\/div>\n\n\n\n<div class=\"wp-block-column is-layout-flow wp-block-column-is-layout-flow\" style=\"flex-basis:30%\">\n<figure class=\"wp-block-image size-full\"><img loading=\"lazy\" decoding=\"async\" width=\"800\" height=\"630\" src=\"https:\/\/berlinerverlagspreis.de\/wp-content\/uploads\/2024\/09\/transit-verlag.jpg\" alt=\"\" class=\"wp-image-2328\" srcset=\"https:\/\/berlinerverlagspreis.de\/wp-content\/uploads\/2024\/09\/transit-verlag.jpg 800w, https:\/\/berlinerverlagspreis.de\/wp-content\/uploads\/2024\/09\/transit-verlag-300x236.jpg 300w, https:\/\/berlinerverlagspreis.de\/wp-content\/uploads\/2024\/09\/transit-verlag-768x605.jpg 768w\" sizes=\"auto, (max-width: 800px) 100vw, 800px\" \/><\/figure>\n<\/div>\n\n\n\n<div class=\"wp-block-column is-layout-flow wp-block-column-is-layout-flow\" style=\"flex-basis:60%\">\n<p><strong>Berliner Verlagspreis 2024: Transit Verlag<\/strong><\/p>\n\n\n\n<p>Liebe Gudrun Fr\u00f6ba, lieber Rainer Nitsche, Euch und allen anderen Mitstreiterinnen und Mitstreitern des Transit Verlags ist es gelungen, seit \u00fcber 40 Jahren einen Verlag mit Leben zu f\u00fcllen, der sich durch sorgf\u00e4ltig hergestellte und stets lesenswerte B\u00fccher auszeichnet! Im Namen Eurer Leser danken wir daf\u00fcr und gratulieren von Herzen zum Berliner Verlagspreis 2024!<\/p>\n\n\n\n<p>Aus der Laudatio von Jury-Mitglied Gerrit Schooff<\/p>\n\n\n\n<p><a href=\"https:\/\/berlinerverlagspreis.de\/?page_id=2360\" title=\"\">Gesamte Laudatio nachlesen \u2192<\/a><\/p>\n<\/div>\n\n\n\n<div class=\"wp-block-column is-layout-flow wp-block-column-is-layout-flow\" style=\"flex-basis:5%\"><\/div>\n<\/div>\n\n\n\n<div style=\"height:0px\" aria-hidden=\"true\" class=\"wp-block-spacer\"><\/div>\n\n\n\n<div class=\"wp-block-cover alignfull is-light has-parallax\" style=\"min-height:266px;aspect-ratio:unset;\"><span aria-hidden=\"true\" class=\"wp-block-cover__background has-background-dim\" style=\"background-color:#edf0f4\"><\/span><div class=\"wp-block-cover__image-background wp-image-224 has-parallax\" style=\"background-position:50% 50%;background-image:url(https:\/\/berlinerverlagspreis.de\/wp-content\/uploads\/2015\/10\/smartphone_section_bg.jpg)\"><\/div><div class=\"wp-block-cover__inner-container is-layout-constrained wp-block-cover-is-layout-constrained\">\n<h3 class=\"wp-block-heading has-text-align-center has-text-color has-link-color has-large-font-size wp-elements-89fa07f60a577bdbfc35db67334c351c\" id=\"die-shortlist\" style=\"color:#e41621\">Die Shortlist<\/h3>\n\n\n\n<div style=\"height:8px\" aria-hidden=\"true\" class=\"wp-block-spacer\"><\/div>\n\n\n\n<div class=\"wp-block-columns is-layout-flex wp-container-core-columns-is-layout-28f84493 wp-block-columns-is-layout-flex\">\n<div class=\"wp-block-column is-layout-flow wp-block-column-is-layout-flow\" style=\"flex-basis:5%\"><\/div>\n\n\n\n<div class=\"wp-block-column is-layout-flow wp-block-column-is-layout-flow\" style=\"flex-basis:90%\">\n<p class=\"has-text-color has-link-color wp-elements-d09caa6be68f710ffb63411cd8148c9b\" style=\"color:#747474\">\u00bb\u00dcber 70 Verlage haben sich dieses Jahr auf den Berliner Verlagspreis beworben \u2013 eine berauschende F\u00fclle von sch\u00f6n gestalteten B\u00fcchern, klugen Verlagsprogrammen, herausgegeben von Verlegerinnen und Verlegern, die allen wirtschaftlichen Widrigkeiten trotzen! Zu entscheiden, wer die Besten unter den Guten sind, war nicht einfach und die Diskussion in der Jury lebhaft. Wir hoffen, dass der Berliner Verlagspreis hilft, die Begeisterung f\u00fcr die Vielfalt der Berliner Verlagsbranche in die \u00d6ffentlichkeit zu tragen!\u00ab (Statement der Jury)<\/p>\n<\/div>\n\n\n\n<div class=\"wp-block-column is-layout-flow wp-block-column-is-layout-flow\" style=\"flex-basis:5%\"><\/div>\n<\/div>\n<\/div><\/div>\n\n\n\n<div style=\"height:26px\" aria-hidden=\"true\" class=\"wp-block-spacer\"><\/div>\n\n\n\n<div class=\"wp-block-columns is-layout-flex wp-container-core-columns-is-layout-28f84493 wp-block-columns-is-layout-flex\">\n<div class=\"wp-block-column is-layout-flow wp-block-column-is-layout-flow\">\n<div class=\"wp-block-columns is-layout-flex wp-container-core-columns-is-layout-28f84493 wp-block-columns-is-layout-flex\">\n<div class=\"wp-block-column is-layout-flow wp-block-column-is-layout-flow\" style=\"flex-basis:5%\"><\/div>\n\n\n\n<div class=\"wp-block-column is-layout-flow wp-block-column-is-layout-flow\">\n<figure class=\"wp-block-image size-full\"><a href=\"https:\/\/www.jajaverlag.com\/\" target=\"_blank\" rel=\"noreferrer noopener\"><img loading=\"lazy\" decoding=\"async\" width=\"800\" height=\"630\" src=\"https:\/\/berlinerverlagspreis.de\/wp-content\/uploads\/2024\/09\/jaja-verlag.jpg\" alt=\"\" class=\"wp-image-2324\" srcset=\"https:\/\/berlinerverlagspreis.de\/wp-content\/uploads\/2024\/09\/jaja-verlag.jpg 800w, https:\/\/berlinerverlagspreis.de\/wp-content\/uploads\/2024\/09\/jaja-verlag-300x236.jpg 300w, https:\/\/berlinerverlagspreis.de\/wp-content\/uploads\/2024\/09\/jaja-verlag-768x605.jpg 768w\" sizes=\"auto, (max-width: 800px) 100vw, 800px\" \/><\/a><\/figure>\n<\/div>\n\n\n\n<div class=\"wp-block-column is-layout-flow wp-block-column-is-layout-flow\">\n<figure class=\"wp-block-image size-full\"><a href=\"https:\/\/mikrotext.de\/\" target=\"_blank\" rel=\"noreferrer noopener\"><img loading=\"lazy\" decoding=\"async\" width=\"800\" height=\"630\" src=\"https:\/\/berlinerverlagspreis.de\/wp-content\/uploads\/2024\/09\/mikrotext.jpg\" alt=\"\" class=\"wp-image-2325\" srcset=\"https:\/\/berlinerverlagspreis.de\/wp-content\/uploads\/2024\/09\/mikrotext.jpg 800w, https:\/\/berlinerverlagspreis.de\/wp-content\/uploads\/2024\/09\/mikrotext-300x236.jpg 300w, https:\/\/berlinerverlagspreis.de\/wp-content\/uploads\/2024\/09\/mikrotext-768x605.jpg 768w\" sizes=\"auto, (max-width: 800px) 100vw, 800px\" \/><\/a><\/figure>\n<\/div>\n\n\n\n<div class=\"wp-block-column is-layout-flow wp-block-column-is-layout-flow\" style=\"flex-basis:5%\"><\/div>\n<\/div>\n<\/div>\n<\/div>\n\n\n\n<div class=\"wp-block-columns is-layout-flex wp-container-core-columns-is-layout-28f84493 wp-block-columns-is-layout-flex\">\n<div class=\"wp-block-column is-layout-flow wp-block-column-is-layout-flow\" style=\"flex-basis:5%\"><\/div>\n\n\n\n<div class=\"wp-block-column is-layout-flow wp-block-column-is-layout-flow\">\n<figure class=\"wp-block-image size-full\"><a href=\"https:\/\/orlanda.de\/\" target=\"_blank\" rel=\"noreferrer noopener\"><img loading=\"lazy\" decoding=\"async\" width=\"800\" height=\"630\" src=\"https:\/\/berlinerverlagspreis.de\/wp-content\/uploads\/2024\/09\/orlanda-verlag.jpg\" alt=\"\" class=\"wp-image-2326\" srcset=\"https:\/\/berlinerverlagspreis.de\/wp-content\/uploads\/2024\/09\/orlanda-verlag.jpg 800w, https:\/\/berlinerverlagspreis.de\/wp-content\/uploads\/2024\/09\/orlanda-verlag-300x236.jpg 300w, https:\/\/berlinerverlagspreis.de\/wp-content\/uploads\/2024\/09\/orlanda-verlag-768x605.jpg 768w\" sizes=\"auto, (max-width: 800px) 100vw, 800px\" \/><\/a><\/figure>\n<\/div>\n\n\n\n<div class=\"wp-block-column is-layout-flow wp-block-column-is-layout-flow\">\n<figure class=\"wp-block-image size-full\"><a href=\"https:\/\/reprodukt.com\/\" target=\"_blank\" rel=\"noreferrer noopener\"><img loading=\"lazy\" decoding=\"async\" width=\"800\" height=\"630\" src=\"https:\/\/berlinerverlagspreis.de\/wp-content\/uploads\/2024\/09\/reprodukt.jpg\" alt=\"\" class=\"wp-image-2327\" srcset=\"https:\/\/berlinerverlagspreis.de\/wp-content\/uploads\/2024\/09\/reprodukt.jpg 800w, https:\/\/berlinerverlagspreis.de\/wp-content\/uploads\/2024\/09\/reprodukt-300x236.jpg 300w, https:\/\/berlinerverlagspreis.de\/wp-content\/uploads\/2024\/09\/reprodukt-768x605.jpg 768w\" sizes=\"auto, (max-width: 800px) 100vw, 800px\" \/><\/a><\/figure>\n<\/div>\n\n\n\n<div class=\"wp-block-column is-layout-flow wp-block-column-is-layout-flow\" style=\"flex-basis:5%\"><\/div>\n<\/div>\n\n\n\n<div class=\"wp-block-columns is-layout-flex wp-container-core-columns-is-layout-28f84493 wp-block-columns-is-layout-flex\">\n<div class=\"wp-block-column is-layout-flow wp-block-column-is-layout-flow\" style=\"flex-basis:5%\"><\/div>\n\n\n\n<div class=\"wp-block-column is-layout-flow wp-block-column-is-layout-flow\">\n<figure class=\"wp-block-image size-full\"><a href=\"https:\/\/transit-verlag.de\/\" target=\"_blank\" rel=\"noreferrer noopener\"><img loading=\"lazy\" decoding=\"async\" width=\"800\" height=\"630\" src=\"https:\/\/berlinerverlagspreis.de\/wp-content\/uploads\/2024\/09\/transit-verlag.jpg\" alt=\"\" class=\"wp-image-2328\" srcset=\"https:\/\/berlinerverlagspreis.de\/wp-content\/uploads\/2024\/09\/transit-verlag.jpg 800w, https:\/\/berlinerverlagspreis.de\/wp-content\/uploads\/2024\/09\/transit-verlag-300x236.jpg 300w, https:\/\/berlinerverlagspreis.de\/wp-content\/uploads\/2024\/09\/transit-verlag-768x605.jpg 768w\" sizes=\"auto, (max-width: 800px) 100vw, 800px\" \/><\/a><\/figure>\n<\/div>\n\n\n\n<div class=\"wp-block-column is-layout-flow wp-block-column-is-layout-flow\">\n<figure class=\"wp-block-image size-full\"><a href=\"https:\/\/www.voland-quist.de\/\" target=\"_blank\" rel=\"noreferrer noopener\"><img loading=\"lazy\" decoding=\"async\" width=\"800\" height=\"630\" src=\"https:\/\/berlinerverlagspreis.de\/wp-content\/uploads\/2024\/09\/voland-quist.jpg\" alt=\"\" class=\"wp-image-2329\" srcset=\"https:\/\/berlinerverlagspreis.de\/wp-content\/uploads\/2024\/09\/voland-quist.jpg 800w, https:\/\/berlinerverlagspreis.de\/wp-content\/uploads\/2024\/09\/voland-quist-300x236.jpg 300w, https:\/\/berlinerverlagspreis.de\/wp-content\/uploads\/2024\/09\/voland-quist-768x605.jpg 768w\" sizes=\"auto, (max-width: 800px) 100vw, 800px\" \/><\/a><\/figure>\n<\/div>\n\n\n\n<div class=\"wp-block-column is-layout-flow wp-block-column-is-layout-flow\" style=\"flex-basis:5%\"><\/div>\n<\/div>\n\n\n\n<div style=\"height:39px\" aria-hidden=\"true\" class=\"wp-block-spacer\"><\/div>\n\n\n\n<div class=\"wp-block-cover alignfull is-light has-parallax\"><span aria-hidden=\"true\" class=\"wp-block-cover__background has-background-dim-0 has-background-dim\"><\/span><div class=\"wp-block-cover__image-background wp-image-224 has-parallax\" style=\"background-position:50% 50%;background-image:url(https:\/\/berlinerverlagspreis.de\/wp-content\/uploads\/2015\/10\/smartphone_section_bg.jpg)\"><\/div><div class=\"wp-block-cover__inner-container is-layout-flow wp-block-cover-is-layout-flow\">\n<h3 class=\"wp-block-heading has-text-align-center has-text-color\" id=\"der-preis\" style=\"color:#e41621\">Der Preis<\/h3>\n\n\n\n<div style=\"height:5px\" aria-hidden=\"true\" class=\"wp-block-spacer\"><\/div>\n\n\n\n<div class=\"wp-block-columns is-layout-flex wp-container-core-columns-is-layout-28f84493 wp-block-columns-is-layout-flex\">\n<div class=\"wp-block-column is-layout-flow wp-block-column-is-layout-flow\" style=\"flex-basis:5%\"><\/div>\n\n\n\n<div class=\"wp-block-column is-layout-flow wp-block-column-is-layout-flow\" style=\"flex-basis:90%\">\n<p class=\"has-text-color\" style=\"color:#747474;font-style:normal;font-weight:400\">Der Berliner Verlagspreis wird seit 2018 gemeinsam von den Berliner Senatsverwaltungen f\u00fcr Kultur und Gesellschaftlichen Zusammenhalt sowie Wirtschaft, Energie und Betriebe verliehen und mit Mitteln der Europ\u00e4ischen Union aus dem \u00bbOperationellen Programm des EFRE Berlin 2014-2020\u00ab gef\u00f6rdert. Vergeben wird der Gro\u00dfe Berliner Verlagspreis, der mit 26.000 Euro dotiert ist, sowie zwei Berliner Verlagspreise \u00fcber jeweils 15.000 Euro. Die drei weiteren Verlage der Shortlist, die Mitte Oktober 2024 ver\u00f6ffentlicht wird, erhalten eine Anerkennung in H\u00f6he von 4.000 Euro. Mit dem Berliner Verlagspreis werden Verlage ausgezeichnet, deren Publikationen aus dem Mainstream (nicht nur) der Berliner Verlagslandschaft im besten Sinn des Wortes herausragen. <\/p>\n<\/div>\n\n\n\n<div class=\"wp-block-column is-layout-flow wp-block-column-is-layout-flow\" style=\"flex-basis:5%\"><\/div>\n<\/div>\n<\/div><\/div>\n\n\n\n<div style=\"height:28px\" aria-hidden=\"true\" class=\"wp-block-spacer\"><\/div>\n\n\n\n<div class=\"wp-block-columns is-layout-flex wp-container-core-columns-is-layout-28f84493 wp-block-columns-is-layout-flex\">\n<div class=\"wp-block-column is-layout-flow wp-block-column-is-layout-flow\" style=\"flex-basis:5%\"><\/div>\n\n\n\n<div class=\"wp-block-column is-layout-flow wp-block-column-is-layout-flow\" style=\"flex-basis:90%\">\n<h3 class=\"wp-block-heading has-text-align-center has-text-color\" id=\"die-bewerbung\" style=\"color:#e41621\">Die Bewerbung<\/h3>\n\n\n\n<p style=\"font-style:normal;font-weight:400\">Die Bewerbungsfrist f\u00fcr den Berliner Verlagspreis endet am 2. Juli 2024. F\u00fcr den Berliner Verlagspreis k\u00f6nnen sich Verlage mit einem Umsatz bis zu zwei Millionen Euro bewerben. Es gilt hierf\u00fcr jeweils der Umsatz des Vorjahres. Der Berliner Verlagspreis wird ausschlie\u00dflich an Verlage mit einem Berliner Firmensitz (Hauptniederlassung) vergeben. Auch Verlage, die ausschlie\u00dflich E-Books oder H\u00f6rb\u00fccher produzieren, sind ausdr\u00fccklich eingeladen, sich zu bewerben. Von der Verleihung ausgeschlossen sind Zeitschriftenverlage sowie Verlage, die sich mehrheitlich im Besitz einer gr\u00f6\u00dferen Verlagsgruppe befinden \u2013 es sei denn, diese Verlagsgruppe erwirtschaftet insgesamt einen Umsatz von unter zwei Millionen Euro.<\/p>\n<\/div>\n\n\n\n<div class=\"wp-block-column is-layout-flow wp-block-column-is-layout-flow\" style=\"flex-basis:5%\"><\/div>\n<\/div>\n\n\n\n<div class=\"wp-block-cover alignfull\" style=\"min-height:278px;aspect-ratio:unset;\"><span aria-hidden=\"true\" class=\"wp-block-cover__background has-background-dim-100 has-background-dim\" style=\"background-color:#d82332\"><\/span><div class=\"wp-block-cover__inner-container is-layout-flow wp-block-cover-is-layout-flow\">\n<p class=\"has-text-align-center has-large-font-size\">Die Einsendefrist f\u00fcr den Berliner Verlagspreis ist abgelaufen.<br>Eine Bewerbung ist leider nicht mehr m\u00f6glich.<\/p>\n<\/div><\/div>\n\n\n\n<div class=\"wp-block-cover alignfull is-light\" style=\"min-height:176px;aspect-ratio:unset;\"><span aria-hidden=\"true\" class=\"wp-block-cover__background has-palette-color-8-background-color has-background-dim-0 has-background-dim\"><\/span><div class=\"wp-block-cover__inner-container is-layout-flow wp-block-cover-is-layout-flow\">\n<h3 class=\"wp-block-heading has-text-align-center has-text-color has-link-color wp-elements-90746b73f90930778c13ec3c19412f64\" id=\"die-jury\" style=\"color:#e41621\">Die Jury<\/h3>\n<\/div><\/div>\n\n\n\n<div class=\"wp-block-columns is-layout-flex wp-container-core-columns-is-layout-28f84493 wp-block-columns-is-layout-flex\">\n<div class=\"wp-block-column is-layout-flow wp-block-column-is-layout-flow\" style=\"flex-basis:5%\"><\/div>\n\n\n\n<div class=\"wp-block-column is-layout-flow wp-block-column-is-layout-flow\" style=\"flex-basis:5%\"><\/div>\n<\/div>\n\n\n\n<div class=\"wp-block-columns is-layout-flex wp-container-core-columns-is-layout-28f84493 wp-block-columns-is-layout-flex\">\n<div class=\"wp-block-column is-layout-flow wp-block-column-is-layout-flow\">\n<figure class=\"wp-block-image aligncenter size-full is-resized\"><img loading=\"lazy\" decoding=\"async\" width=\"600\" height=\"800\" src=\"https:\/\/berlinerverlagspreis.de\/wp-content\/uploads\/2024\/04\/Foto_Klaus_Bittermann_c_Klaus_Bittermann.jpg\" alt=\"\" class=\"wp-image-2225\" srcset=\"https:\/\/berlinerverlagspreis.de\/wp-content\/uploads\/2024\/04\/Foto_Klaus_Bittermann_c_Klaus_Bittermann.jpg 600w, https:\/\/berlinerverlagspreis.de\/wp-content\/uploads\/2024\/04\/Foto_Klaus_Bittermann_c_Klaus_Bittermann-225x300.jpg 225w\" sizes=\"auto, (max-width: 600px) 100vw, 600px\" \/><\/figure>\n\n\n\n<p class=\"has-text-align-center\" style=\"font-size:clamp(15.747px, 0.984rem + ((1vw - 3.2px) * 0.645), 24px);font-style:normal;font-weight:400\"><strong>Klaus Bittermann<\/strong><br>Edition Tiamat<\/p>\n<\/div>\n\n\n\n<div class=\"wp-block-column is-layout-flow wp-block-column-is-layout-flow\">\n<figure class=\"wp-block-image aligncenter size-full is-resized\"><img loading=\"lazy\" decoding=\"async\" width=\"600\" height=\"800\" src=\"https:\/\/berlinerverlagspreis.de\/wp-content\/uploads\/2024\/04\/Foto_Philipp_Boehm_c_Nane_Diehl.jpg\" alt=\"\" class=\"wp-image-2226\" srcset=\"https:\/\/berlinerverlagspreis.de\/wp-content\/uploads\/2024\/04\/Foto_Philipp_Boehm_c_Nane_Diehl.jpg 600w, https:\/\/berlinerverlagspreis.de\/wp-content\/uploads\/2024\/04\/Foto_Philipp_Boehm_c_Nane_Diehl-225x300.jpg 225w\" sizes=\"auto, (max-width: 600px) 100vw, 600px\" \/><\/figure>\n\n\n\n<p class=\"has-text-align-center\" style=\"font-size:clamp(15.747px, 0.984rem + ((1vw - 3.2px) * 0.645), 24px);font-style:normal;font-weight:400\"><strong>Philipp B\u00f6hm<\/strong><br>Autor<\/p>\n<\/div>\n\n\n\n<div class=\"wp-block-column is-layout-flow wp-block-column-is-layout-flow\">\n<figure class=\"wp-block-image aligncenter size-full is-resized\"><img loading=\"lazy\" decoding=\"async\" width=\"600\" height=\"800\" src=\"https:\/\/berlinerverlagspreis.de\/wp-content\/uploads\/2024\/04\/Foto_Julia_Duerr_c_privat.jpg\" alt=\"\" class=\"wp-image-2224\" srcset=\"https:\/\/berlinerverlagspreis.de\/wp-content\/uploads\/2024\/04\/Foto_Julia_Duerr_c_privat.jpg 600w, https:\/\/berlinerverlagspreis.de\/wp-content\/uploads\/2024\/04\/Foto_Julia_Duerr_c_privat-225x300.jpg 225w\" sizes=\"auto, (max-width: 600px) 100vw, 600px\" \/><\/figure>\n\n\n\n<p class=\"has-text-align-center\" style=\"font-size:clamp(15.747px, 0.984rem + ((1vw - 3.2px) * 0.645), 24px);font-style:normal;font-weight:400\"><strong>Julia D\u00fcrr<\/strong><br>Designerin\/Illustratorin<\/p>\n<\/div>\n<\/div>\n\n\n\n<div class=\"wp-block-columns is-layout-flex wp-container-core-columns-is-layout-28f84493 wp-block-columns-is-layout-flex\">\n<div class=\"wp-block-column is-layout-flow wp-block-column-is-layout-flow\">\n<figure class=\"wp-block-image aligncenter size-full is-resized\"><img loading=\"lazy\" decoding=\"async\" width=\"600\" height=\"800\" src=\"https:\/\/berlinerverlagspreis.de\/wp-content\/uploads\/2023\/05\/Foto_Gerrit_Schooff_c_Johanna_Hahn.jpg\" alt=\"\" class=\"wp-image-2006\" srcset=\"https:\/\/berlinerverlagspreis.de\/wp-content\/uploads\/2023\/05\/Foto_Gerrit_Schooff_c_Johanna_Hahn.jpg 600w, https:\/\/berlinerverlagspreis.de\/wp-content\/uploads\/2023\/05\/Foto_Gerrit_Schooff_c_Johanna_Hahn-225x300.jpg 225w\" sizes=\"auto, (max-width: 600px) 100vw, 600px\" \/><\/figure>\n\n\n\n<p class=\"has-text-align-center\" style=\"font-size:clamp(15.747px, 0.984rem + ((1vw - 3.2px) * 0.645), 24px);font-style:normal;font-weight:400\"><strong>Gerrit Schooff<\/strong><br>Buchhandlung Der Zauberberg<\/p>\n<\/div>\n\n\n\n<div class=\"wp-block-column is-layout-flow wp-block-column-is-layout-flow\">\n<figure class=\"wp-block-image aligncenter size-full is-resized\"><img loading=\"lazy\" decoding=\"async\" width=\"600\" height=\"800\" src=\"https:\/\/berlinerverlagspreis.de\/wp-content\/uploads\/2023\/05\/Foto_Gesa-Ufer_c_Julia_Zimmermann.jpg\" alt=\"\" class=\"wp-image-2007\" srcset=\"https:\/\/berlinerverlagspreis.de\/wp-content\/uploads\/2023\/05\/Foto_Gesa-Ufer_c_Julia_Zimmermann.jpg 600w, https:\/\/berlinerverlagspreis.de\/wp-content\/uploads\/2023\/05\/Foto_Gesa-Ufer_c_Julia_Zimmermann-225x300.jpg 225w\" sizes=\"auto, (max-width: 600px) 100vw, 600px\" \/><\/figure>\n\n\n\n<p class=\"has-text-align-center\" style=\"font-size:clamp(15.747px, 0.984rem + ((1vw - 3.2px) * 0.645), 24px);font-style:normal;font-weight:400\"><strong>Gesa Ufer<\/strong><br>freie Autorin und H\u00f6rfunkjournalistin<\/p>\n<\/div>\n\n\n\n<div class=\"wp-block-column is-layout-flow wp-block-column-is-layout-flow\">\n<figure class=\"wp-block-image aligncenter size-full is-resized\"><img loading=\"lazy\" decoding=\"async\" width=\"600\" height=\"800\" src=\"https:\/\/berlinerverlagspreis.de\/wp-content\/uploads\/2023\/05\/Foto_Julia_Weis_c_fotostudioneukoelln.de_.jpg\" alt=\"\" class=\"wp-image-2009\" srcset=\"https:\/\/berlinerverlagspreis.de\/wp-content\/uploads\/2023\/05\/Foto_Julia_Weis_c_fotostudioneukoelln.de_.jpg 600w, https:\/\/berlinerverlagspreis.de\/wp-content\/uploads\/2023\/05\/Foto_Julia_Weis_c_fotostudioneukoelln.de_-225x300.jpg 225w\" sizes=\"auto, (max-width: 600px) 100vw, 600px\" \/><\/figure>\n\n\n\n<p class=\"has-text-align-center\" style=\"font-size:clamp(15.747px, 0.984rem + ((1vw - 3.2px) * 0.645), 24px);font-style:normal;font-weight:400\"><strong>Julia Weis<\/strong><br>Stadtbibliothek Friedrichshain-Kreuzberg<\/p>\n<\/div>\n<\/div>\n\n\n\n<div style=\"height:14px\" aria-hidden=\"true\" class=\"wp-block-spacer\"><\/div>\n\n\n\n<p><\/p>\n\n\n\n<div class=\"wp-block-cover alignfull is-light has-parallax\" style=\"min-height:1270px;aspect-ratio:unset;\"><span aria-hidden=\"true\" class=\"wp-block-cover__background has-background-dim-0 has-background-dim\"><\/span><div class=\"wp-block-cover__image-background wp-image-224 has-parallax\" style=\"background-position:50% 50%;background-image:url(https:\/\/berlinerverlagspreis.de\/wp-content\/uploads\/2015\/10\/smartphone_section_bg.jpg)\"><\/div><div class=\"wp-block-cover__inner-container is-layout-flow wp-block-cover-is-layout-flow\">\n<div class=\"wp-block-columns is-layout-flex wp-container-core-columns-is-layout-28f84493 wp-block-columns-is-layout-flex\">\n<div class=\"wp-block-column is-layout-flow wp-block-column-is-layout-flow\" style=\"flex-basis:10%\"><\/div>\n\n\n\n<div class=\"wp-block-column is-layout-flow wp-block-column-is-layout-flow\" style=\"flex-basis:80%\">\n<p class=\"has-text-align-left has-text-color\" style=\"color:#747474;font-style:normal;font-weight:400\">Die Jury setzt sich aus unabh\u00e4ngigen Fachleuten der freien Literaturszene, der Literaturkritik, dem Bibliothekswesen, der Buch\u00e4sthetik und dem Buchhandel zusammen. Erg\u00e4nzt wird das f\u00fcnfk\u00f6pfige Gremium durch den Tr\u00e4ger des Berliner Verlagspreises aus dem Vorjahr. Zwei Mitglieder der Jury werden jedes Jahr neu berufen. Sie wird bei der Preisvergabe folgende Kriterien ber\u00fccksichtigen:<\/p>\n\n\n\n<ul style=\"color:#747474;font-style:normal;font-weight:400\" class=\"has-text-color wp-block-list\">\n<li>Publiziert der Verlag Programme mit Werken auf hohem \u00e4sthetischen Niveau, die sich auch jenseits des Mainstreams bewegen und \u00fcber tagesaktuelle Wahrnehmung hinaus Bestand haben?<\/li>\n\n\n\n<li>Pflegt der Verlag auch besondere Literaturformen, also Gattungen jenseits des Romans (Lyrik, Drama, Erz\u00e4hlungen, Reportage, Essay)?<\/li>\n\n\n\n<li>Werden junge Autor*innen aufgebaut, wird ein Werk gepflegt, werden vergessene Autor*innen wieder zug\u00e4nglich gemacht?<\/li>\n\n\n\n<li>Ver\u00f6ffentlicht der Verlag B\u00fccher von hoher k\u00fcnstlerischer Qualit\u00e4t, beispielsweise auf den Gebieten der Kunstb\u00e4nde, Graphic Novels, Comics, Kinderb\u00fccher oder Lyrikb\u00e4nde?<\/li>\n\n\n\n<li>Werden Sachb\u00fccher mit gesellschaftlicher Relevanz verlegt und sto\u00dfen diese Publikationen gesellschaftliche Debatten an, greifen sie in aktuelle Diskurse ein oder geben sie richtungsweisende Vorschl\u00e4ge?<\/li>\n\n\n\n<li>Besticht die herstellerische Qualit\u00e4t der Publikationen durch Originalit\u00e4t, sorgf\u00e4ltig \u00fcberlegte Typografie und eine inhaltlich ad\u00e4quate Ausstattung?<\/li>\n\n\n\n<li>Unternimmt der Verlag besondere Anstrengungen, um die Sichtbarkeit seiner Autor*innen zu erh\u00f6hen?<\/li>\n\n\n\n<li>Ber\u00fccksichtigt der Verlag bei seinem Veranstaltungsmanagement die Zusammenarbeit mit dem Sortiment?<\/li>\n\n\n\n<li>Setzt der Verlag auf neue Erl\u00f6s-, Marketing- oder Vertriebsmodelle oder geht g\u00e4nzlich neue Wege abseits klassischer Strukturen?<\/li>\n\n\n\n<li>Setzt das Verlagsprogramm ganz oder in Teilen auf die M\u00f6glichkeiten digitalen Publizierens oder geht der Verlag auch hier ganz neue Wege, etwa in Marketing und Vertrieb?<\/li>\n<\/ul>\n<\/div>\n\n\n\n<div class=\"wp-block-column is-layout-flow wp-block-column-is-layout-flow\" style=\"flex-basis:10%\"><\/div>\n<\/div>\n<\/div><\/div>\n\n\n\n<h3 class=\"wp-block-heading has-text-align-center has-text-color has-link-color wp-elements-69dd4926ecfb82f3269fe9add6082bd2\" id=\"die-bloggerinnen\" style=\"color:#e41621\">Die Blogger*innen<\/h3>\n\n\n\n<div style=\"height:21px\" aria-hidden=\"true\" class=\"wp-block-spacer\"><\/div>\n\n\n\n<div class=\"wp-block-columns is-layout-flex wp-container-core-columns-is-layout-28f84493 wp-block-columns-is-layout-flex\">\n<div class=\"wp-block-column is-layout-flow wp-block-column-is-layout-flow\">\n<figure class=\"wp-block-image size-full is-resized\"><img loading=\"lazy\" decoding=\"async\" width=\"600\" height=\"800\" src=\"https:\/\/berlinerverlagspreis.de\/wp-content\/uploads\/2024\/09\/buchbandito.jpg\" alt=\"\" class=\"wp-image-2308\" style=\"width:426px;height:auto\" srcset=\"https:\/\/berlinerverlagspreis.de\/wp-content\/uploads\/2024\/09\/buchbandito.jpg 600w, https:\/\/berlinerverlagspreis.de\/wp-content\/uploads\/2024\/09\/buchbandito-225x300.jpg 225w\" sizes=\"auto, (max-width: 600px) 100vw, 600px\" \/><\/figure>\n\n\n\n<p class=\"has-text-align-center\"><strong>Rafa Acevedo<\/strong><br><a href=\"https:\/\/www.instagram.com\/buch.bandito\/\" target=\"_blank\" rel=\"noopener\" title=\"\">buch.bandito<\/a><\/p>\n<\/div>\n\n\n\n<div class=\"wp-block-column is-layout-flow wp-block-column-is-layout-flow\">\n<figure class=\"wp-block-image size-full\"><img loading=\"lazy\" decoding=\"async\" width=\"600\" height=\"800\" src=\"https:\/\/berlinerverlagspreis.de\/wp-content\/uploads\/2024\/09\/gersterngelesen.jpg\" alt=\"\" class=\"wp-image-2309\" srcset=\"https:\/\/berlinerverlagspreis.de\/wp-content\/uploads\/2024\/09\/gersterngelesen.jpg 600w, https:\/\/berlinerverlagspreis.de\/wp-content\/uploads\/2024\/09\/gersterngelesen-225x300.jpg 225w\" sizes=\"auto, (max-width: 600px) 100vw, 600px\" \/><\/figure>\n\n\n\n<p class=\"has-text-align-center\"><strong>Lucie Andritzki<\/strong><br><a href=\"https:\/\/www.instagram.com\/gesterngelesen\/\" target=\"_blank\" rel=\"noopener\" title=\"\">gesterngelesen<\/a><\/p>\n<\/div>\n\n\n\n<div class=\"wp-block-column is-layout-flow wp-block-column-is-layout-flow\">\n<figure class=\"wp-block-image size-full\"><img loading=\"lazy\" decoding=\"async\" width=\"600\" height=\"800\" src=\"https:\/\/berlinerverlagspreis.de\/wp-content\/uploads\/2024\/09\/auflesen.jpg\" alt=\"\" class=\"wp-image-2305\" srcset=\"https:\/\/berlinerverlagspreis.de\/wp-content\/uploads\/2024\/09\/auflesen.jpg 600w, https:\/\/berlinerverlagspreis.de\/wp-content\/uploads\/2024\/09\/auflesen-225x300.jpg 225w\" sizes=\"auto, (max-width: 600px) 100vw, 600px\" \/><\/figure>\n\n\n\n<p class=\"has-text-align-center\"><strong>Lilli Anlauf<\/strong><br><a href=\"https:\/\/www.instagram.com\/auflesen\" target=\"_blank\" rel=\"noopener\" title=\"\">auflesen<\/a><\/p>\n<\/div>\n<\/div>\n\n\n\n<div class=\"wp-block-columns is-layout-flex wp-container-core-columns-is-layout-28f84493 wp-block-columns-is-layout-flex\">\n<div class=\"wp-block-column is-layout-flow wp-block-column-is-layout-flow\">\n<figure class=\"wp-block-image size-full\"><img loading=\"lazy\" decoding=\"async\" width=\"600\" height=\"800\" src=\"https:\/\/berlinerverlagspreis.de\/wp-content\/uploads\/2024\/09\/books.tea_.avocado.jpeg\" alt=\"\" class=\"wp-image-2307\" srcset=\"https:\/\/berlinerverlagspreis.de\/wp-content\/uploads\/2024\/09\/books.tea_.avocado.jpeg 600w, https:\/\/berlinerverlagspreis.de\/wp-content\/uploads\/2024\/09\/books.tea_.avocado-225x300.jpeg 225w\" sizes=\"auto, (max-width: 600px) 100vw, 600px\" \/><\/figure>\n\n\n\n<p class=\"has-text-align-center\"><strong>Steffi B\u00f6hlmann<\/strong><br><a href=\"https:\/\/www.instagram.com\/books.tea.avocado\/\" target=\"_blank\" rel=\"noopener\" title=\"\">books.tea.avocado<\/a><\/p>\n<\/div>\n\n\n\n<div class=\"wp-block-column is-layout-flow wp-block-column-is-layout-flow\">\n<figure class=\"wp-block-image size-full\"><img loading=\"lazy\" decoding=\"async\" width=\"600\" height=\"800\" src=\"https:\/\/berlinerverlagspreis.de\/wp-content\/uploads\/2024\/09\/kalliopeia.jpg\" alt=\"\" class=\"wp-image-2310\" srcset=\"https:\/\/berlinerverlagspreis.de\/wp-content\/uploads\/2024\/09\/kalliopeia.jpg 600w, https:\/\/berlinerverlagspreis.de\/wp-content\/uploads\/2024\/09\/kalliopeia-225x300.jpg 225w\" sizes=\"auto, (max-width: 600px) 100vw, 600px\" \/><\/figure>\n\n\n\n<p class=\"has-text-align-center\"><strong>Katharina H\u00f6\u00dfler<\/strong><br><a href=\"https:\/\/www.instagram.com\/_kalliopeia\/\" target=\"_blank\" rel=\"noopener\" title=\"\">_kalliopeia<\/a><\/p>\n<\/div>\n\n\n\n<div class=\"wp-block-column is-layout-flow wp-block-column-is-layout-flow\">\n<figure class=\"wp-block-image size-full\"><img loading=\"lazy\" decoding=\"async\" width=\"600\" height=\"800\" src=\"https:\/\/berlinerverlagspreis.de\/wp-content\/uploads\/2024\/09\/bibliophilistin.jpeg\" alt=\"\" class=\"wp-image-2306\" srcset=\"https:\/\/berlinerverlagspreis.de\/wp-content\/uploads\/2024\/09\/bibliophilistin.jpeg 600w, https:\/\/berlinerverlagspreis.de\/wp-content\/uploads\/2024\/09\/bibliophilistin-225x300.jpeg 225w\" sizes=\"auto, (max-width: 600px) 100vw, 600px\" \/><\/figure>\n\n\n\n<p class=\"has-text-align-center\"><strong>Debbie Wallers<\/strong><br><a href=\"https:\/\/www.instagram.com\/bibliophilistin\/\" target=\"_blank\" rel=\"noopener\" title=\"\">bibliophilistin<\/a><\/p>\n<\/div>\n<\/div>\n\n\n\n<div style=\"height:75px\" aria-hidden=\"true\" class=\"wp-block-spacer\"><\/div>\n\n\n\n<div class=\"wp-block-cover alignfull\" style=\"min-height:420px;aspect-ratio:unset;\"><span aria-hidden=\"true\" class=\"wp-block-cover__background has-background-dim-100 has-background-dim\" style=\"background-color:#d82333\"><\/span><img loading=\"lazy\" decoding=\"async\" width=\"2340\" height=\"1707\" class=\"wp-block-cover__image-background wp-image-224\" alt=\"\" src=\"https:\/\/berlinerverlagspreis.de\/wp-content\/uploads\/2015\/10\/smartphone_section_bg.jpg\" style=\"object-position:50% 24%\" data-object-fit=\"cover\" data-object-position=\"50% 24%\" srcset=\"https:\/\/berlinerverlagspreis.de\/wp-content\/uploads\/2015\/10\/smartphone_section_bg.jpg 2340w, https:\/\/berlinerverlagspreis.de\/wp-content\/uploads\/2015\/10\/smartphone_section_bg-600x438.jpg 600w\" sizes=\"auto, (max-width: 2340px) 100vw, 2340px\" \/><div class=\"wp-block-cover__inner-container is-layout-flow wp-block-cover-is-layout-flow\">\n<h3 class=\"wp-block-heading has-text-align-center has-palette-color-8-color has-text-color\" id=\"ablauf\">Ablauf<\/h3>\n\n\n\n<div style=\"height:36px\" aria-hidden=\"true\" class=\"wp-block-spacer\"><\/div>\n\n\n\n<div class=\"wp-block-columns is-layout-flex wp-container-core-columns-is-layout-28f84493 wp-block-columns-is-layout-flex\">\n<div class=\"wp-block-column is-layout-flow wp-block-column-is-layout-flow\" style=\"flex-basis:2%\"><\/div>\n\n\n\n<div class=\"wp-block-column is-layout-flow wp-block-column-is-layout-flow\" style=\"flex-basis:24%\">\n<p class=\"has-text-align-center has-palette-color-8-background-color has-text-color has-background\" style=\"color:#d82333;font-size:clamp(14px, 0.875rem + ((1vw - 3.2px) * 0.313), 18px);\"><strong>2. MAI 2024<br>Beginn der Ausschreibung<\/strong><\/p>\n<\/div>\n\n\n\n<div class=\"wp-block-column is-layout-flow wp-block-column-is-layout-flow\" style=\"flex-basis:24%\">\n<p class=\"has-text-align-center has-palette-color-8-background-color has-text-color has-background\" style=\"color:#d82333;font-size:clamp(14px, 0.875rem + ((1vw - 3.2px) * 0.313), 18px);\"><strong>2. JUL 202<\/strong>4<strong><br>Ende der Bewerbungsfrist<\/strong><\/p>\n<\/div>\n\n\n\n<div class=\"wp-block-column is-layout-flow wp-block-column-is-layout-flow\" style=\"flex-basis:24%\">\n<p class=\"has-text-align-center has-palette-color-8-background-color has-text-color has-background\" style=\"color:#d82333;font-size:clamp(14px, 0.875rem + ((1vw - 3.2px) * 0.313), 18px);\"><strong>23. SEP 2024<br>Ver\u00f6ffentlichung der Shortlist<\/strong><\/p>\n<\/div>\n\n\n\n<div class=\"wp-block-column is-layout-flow wp-block-column-is-layout-flow\" style=\"flex-basis:24%\">\n<p class=\"has-text-align-center has-palette-color-8-background-color has-text-color has-background\" style=\"color:#d82333;font-size:clamp(14px, 0.875rem + ((1vw - 3.2px) * 0.313), 18px);\"><strong>3. NOV 2024 Preisverleihung im Deutschen Theater<\/strong><\/p>\n<\/div>\n\n\n\n<div class=\"wp-block-column is-layout-flow wp-block-column-is-layout-flow\" style=\"flex-basis:2px\"><\/div>\n<\/div>\n<\/div><\/div>\n\n\n\n<div style=\"height:23px\" aria-hidden=\"true\" class=\"wp-block-spacer\"><\/div>\n\n\n\n<div class=\"wp-block-columns is-layout-flex wp-container-core-columns-is-layout-28f84493 wp-block-columns-is-layout-flex\">\n<div class=\"wp-block-column is-layout-flow wp-block-column-is-layout-flow\" style=\"flex-basis:100%\">\n<div class=\"wp-block-columns is-layout-flex wp-container-core-columns-is-layout-28f84493 wp-block-columns-is-layout-flex\">\n<div class=\"wp-block-column is-layout-flow wp-block-column-is-layout-flow\" style=\"flex-basis:100%\">\n<div class=\"wp-block-columns is-layout-flex wp-container-core-columns-is-layout-28f84493 wp-block-columns-is-layout-flex\">\n<div class=\"wp-block-column is-layout-flow wp-block-column-is-layout-flow\" style=\"flex-basis:100%\"><\/div>\n<\/div>\n<\/div>\n<\/div>\n<\/div>\n<\/div>\n\n\n\n<div style=\"height:90px\" aria-hidden=\"true\" class=\"wp-block-spacer\"><\/div>\n","protected":false},"excerpt":{"rendered":"<p>Herzlichen Gl\u00fcckwunsch! Der Berliner Verlagspreis 2024 wurde am heutigen Sonntag im Rahmen eines feierlichen Festakts im Deutschen Theater Berlin verliehen. Mit dem Gro\u00dfen Berliner Verlagspreis, dotiert mit 26.000 Euro, pr\u00e4mierte die Jury Voland &amp; Quist, die zwei mit jeweils 15.000 dotierten Berliner Verlagspreise gingen an Reprodukt und den Transit Verlag.Ebenfalls nominiert f\u00fcr den Berliner Verlagspreis [&hellip;]<\/p>\n","protected":false},"author":1,"featured_media":0,"parent":0,"menu_order":0,"comment_status":"closed","ping_status":"closed","template":"","meta":{"_monsterinsights_skip_tracking":false,"_monsterinsights_sitenote_active":false,"_monsterinsights_sitenote_note":"","_monsterinsights_sitenote_category":0,"footnotes":""},"class_list":["post-2174","page","type-page","status-publish","hentry"],"blocksy_meta":{"styles_descriptor":{"styles":{"desktop":"","tablet":"","mobile":""},"google_fonts":[]}},"aioseo_notices":[],"_links":{"self":[{"href":"https:\/\/berlinerverlagspreis.de\/index.php?rest_route=\/wp\/v2\/pages\/2174","targetHints":{"allow":["GET"]}}],"collection":[{"href":"https:\/\/berlinerverlagspreis.de\/index.php?rest_route=\/wp\/v2\/pages"}],"about":[{"href":"https:\/\/berlinerverlagspreis.de\/index.php?rest_route=\/wp\/v2\/types\/page"}],"author":[{"embeddable":true,"href":"https:\/\/berlinerverlagspreis.de\/index.php?rest_route=\/wp\/v2\/users\/1"}],"replies":[{"embeddable":true,"href":"https:\/\/berlinerverlagspreis.de\/index.php?rest_route=%2Fwp%2Fv2%2Fcomments&post=2174"}],"version-history":[{"count":118,"href":"https:\/\/berlinerverlagspreis.de\/index.php?rest_route=\/wp\/v2\/pages\/2174\/revisions"}],"predecessor-version":[{"id":2502,"href":"https:\/\/berlinerverlagspreis.de\/index.php?rest_route=\/wp\/v2\/pages\/2174\/revisions\/2502"}],"wp:attachment":[{"href":"https:\/\/berlinerverlagspreis.de\/index.php?rest_route=%2Fwp%2Fv2%2Fmedia&parent=2174"}],"curies":[{"name":"wp","href":"https:\/\/api.w.org\/{rel}","templated":true}]}}